{"id":22,"date":"2023-03-06T13:17:02","date_gmt":"2023-03-06T12:17:02","guid":{"rendered":"http:\/\/www.armbrustschuetzen.at\/?page_id=22"},"modified":"2023-03-06T13:38:24","modified_gmt":"2023-03-06T12:38:24","slug":"die-schneiderfahne","status":"publish","type":"page","link":"https:\/\/www.armbrustschuetzen.at\/?page_id=22","title":{"rendered":"Die Schneiderfahne"},"content":{"rendered":"<figure id=\"attachment_14\" aria-describedby=\"caption-attachment-14\" style=\"width: 300px\" class=\"wp-caption alignleft\"><img decoding=\"async\" loading=\"lazy\" class=\"size-medium wp-image-14\" src=\"http:\/\/www.armbrustschuetzen.at\/wp-content\/uploads\/2023\/03\/schneider-300x183.jpg\" alt=\"\" width=\"300\" height=\"183\" srcset=\"https:\/\/www.armbrustschuetzen.at\/wp-content\/uploads\/2023\/03\/schneider-300x183.jpg 300w, https:\/\/www.armbrustschuetzen.at\/wp-content\/uploads\/2023\/03\/schneider.jpg 591w\" sizes=\"(max-width: 300px) 100vw, 300px\" \/><figcaption id=\"caption-attachment-14\" class=\"wp-caption-text\">Manchmal erwischt es halt auch die Alten<\/figcaption><\/figure>\n<p>Seit altersher ist es der Brauch, da\u00df der Sch\u00fctze, der beim Sch\u00fctzenmahl am Ende jeden Jahres den schlechtesten Tiefschu\u00df erzielt, die \u201eSchneiderfahne\u201c (ein wei\u00dfes Leintuch) erh\u00e4lt und durch die Schie\u00dfst\u00e4tte getragen wird. Dann stehlen boshafte Sch\u00fctzen die Fahne und h\u00e4ngen sie heimlich am Haus des Sch\u00fctzen auf, damit am n\u00e4chsten Morgen der ganze Ort Kunde vom Mi\u00dfgeschick des Sch\u00fctzen hat.Wenn alle Sch\u00fctzen am folgenden Vormittag wieder auf den Beinen sind und es ihnen gut geht, wird der \u201eSchneider\u201c von einer Abordnung Sch\u00fctzen abgeholt und in die Schie\u00dfst\u00e4tte gebracht, wo die \u201eNachzeche\u201c und ein letztes Schie\u00dfen im Jahr stattfindet. \u2013 Die meisten Sch\u00fctzen tragen die Schneiderfahne mit Humor, nur einmal ist ein Ungl\u00fccklicher deswegen ausgetreten.<\/p>\n<p>&nbsp;<\/p>\n<div id='gallery-1' class='gallery galleryid-22 gallery-columns-3 gallery-size-medium'><figure class='gallery-item'>\n\t\t\t<div class='gallery-icon landscape'>\n\t\t\t\t<a href='https:\/\/www.armbrustschuetzen.at\/wp-content\/uploads\/2023\/03\/DSC02160.jpg'><img width=\"300\" height=\"225\" src=\"https:\/\/www.armbrustschuetzen.at\/wp-content\/uploads\/2023\/03\/DSC02160-300x225.jpg\" class=\"attachment-medium size-medium\" alt=\"\" decoding=\"async\" loading=\"lazy\" aria-describedby=\"gallery-1-23\" srcset=\"https:\/\/www.armbrustschuetzen.at\/wp-content\/uploads\/2023\/03\/DSC02160-300x225.jpg 300w, https:\/\/www.armbrustschuetzen.at\/wp-content\/uploads\/2023\/03\/DSC02160-1024x768.jpg 1024w, https:\/\/www.armbrustschuetzen.at\/wp-content\/uploads\/2023\/03\/DSC02160-768x576.jpg 768w, https:\/\/www.armbrustschuetzen.at\/wp-content\/uploads\/2023\/03\/DSC02160-1536x1152.jpg 1536w, https:\/\/www.armbrustschuetzen.at\/wp-content\/uploads\/2023\/03\/DSC02160.jpg 1600w\" sizes=\"(max-width: 300px) 100vw, 300px\" \/><\/a>\n\t\t\t<\/div>\n\t\t\t\t<figcaption class='wp-caption-text gallery-caption' id='gallery-1-23'>\n\t\t\t\tDer Schneider wird meist mehr gefeiert als der Sch\u00fctzenk\u00f6nig\n\t\t\t\t<\/figcaption><\/figure><figure class='gallery-item'>\n\t\t\t<div class='gallery-icon landscape'>\n\t\t\t\t<a href='https:\/\/www.armbrustschuetzen.at\/wp-content\/uploads\/2023\/03\/DSC02169.jpg'><img width=\"300\" height=\"225\" src=\"https:\/\/www.armbrustschuetzen.at\/wp-content\/uploads\/2023\/03\/DSC02169-300x225.jpg\" class=\"attachment-medium size-medium\" alt=\"\" decoding=\"async\" loading=\"lazy\" aria-describedby=\"gallery-1-24\" srcset=\"https:\/\/www.armbrustschuetzen.at\/wp-content\/uploads\/2023\/03\/DSC02169-300x225.jpg 300w, https:\/\/www.armbrustschuetzen.at\/wp-content\/uploads\/2023\/03\/DSC02169-1024x768.jpg 1024w, https:\/\/www.armbrustschuetzen.at\/wp-content\/uploads\/2023\/03\/DSC02169-768x576.jpg 768w, https:\/\/www.armbrustschuetzen.at\/wp-content\/uploads\/2023\/03\/DSC02169-1536x1152.jpg 1536w, https:\/\/www.armbrustschuetzen.at\/wp-content\/uploads\/2023\/03\/DSC02169.jpg 1600w\" sizes=\"(max-width: 300px) 100vw, 300px\" \/><\/a>\n\t\t\t<\/div>\n\t\t\t\t<figcaption class='wp-caption-text gallery-caption' id='gallery-1-24'>\n\t\t\t\tTraditionell wird die Schneiderfahne am Haus des Schneiders angebracht\n\t\t\t\t<\/figcaption><\/figure>\n\t\t<\/div>\n\n<p>&nbsp;<\/p>\n","protected":false},"excerpt":{"rendered":"<p>Seit altersher ist es der Brauch, da\u00df der Sch\u00fctze, der beim Sch\u00fctzenmahl am Ende jeden Jahres den schlechtesten Tiefschu\u00df erzielt, die \u201eSchneiderfahne\u201c (ein wei\u00dfes Leintuch) erh\u00e4lt und durch die Schie\u00dfst\u00e4tte &#8230;<\/p>\n","protected":false},"author":1,"featured_media":0,"parent":0,"menu_order":0,"comment_status":"closed","ping_status":"closed","template":"template-fullwidth.php","meta":[],"_links":{"self":[{"href":"https:\/\/www.armbrustschuetzen.at\/index.php?rest_route=\/wp\/v2\/pages\/22"}],"collection":[{"href":"https:\/\/www.armbrustschuetzen.at\/index.php?rest_route=\/wp\/v2\/pages"}],"about":[{"href":"https:\/\/www.armbrustschuetzen.at\/index.php?rest_route=\/wp\/v2\/types\/page"}],"author":[{"embeddable":true,"href":"https:\/\/www.armbrustschuetzen.at\/index.php?rest_route=\/wp\/v2\/users\/1"}],"replies":[{"embeddable":true,"href":"https:\/\/www.armbrustschuetzen.at\/index.php?rest_route=%2Fwp%2Fv2%2Fcomments&post=22"}],"version-history":[{"count":2,"href":"https:\/\/www.armbrustschuetzen.at\/index.php?rest_route=\/wp\/v2\/pages\/22\/revisions"}],"predecessor-version":[{"id":26,"href":"https:\/\/www.armbrustschuetzen.at\/index.php?rest_route=\/wp\/v2\/pages\/22\/revisions\/26"}],"wp:attachment":[{"href":"https:\/\/www.armbrustschuetzen.at\/index.php?rest_route=%2Fwp%2Fv2%2Fmedia&parent=22"}],"curies":[{"name":"wp","href":"https:\/\/api.w.org\/{rel}","templated":true}]}}